{"id":1712,"date":"2023-03-22T13:49:06","date_gmt":"2023-03-22T17:49:06","guid":{"rendered":"https:\/\/institutodelibertadeconomica.org\/our-team\/dr-angel-carrion-tavarez\/"},"modified":"2026-01-07T10:38:44","modified_gmt":"2026-01-07T14:38:44","slug":"angel-carrion-tavarez","status":"publish","type":"page","link":"https:\/\/institutodelibertadeconomica.org\/en\/our-team\/angel-carrion-tavarez\/","title":{"rendered":"\u00c1ngel Carri\u00f3n-Tav\u00e1rez, Ph.D."},"content":{"rendered":"<div class=\"wpb-content-wrapper\"><p>[vc_section el_id=\"team_member\" css=\".vc_custom_1679506641691{margin-top: 30px !important;}\"][vc_row][vc_column width=\"1\/3\"][vc_single_image image=\"1265\" img_size=\"full\" alignment=\"center\"][\/vc_column][vc_column width=\"2\/3\"][vc_column_text]<\/p>\n<div class=\"wpb_text_column wpb_content_element vc_custom_1650374638741\">\n<div class=\"wpb_wrapper\">\n<h3>\u00c1ngel Carri\u00f3n-Tav\u00e1rez, Ph.D.<\/h3>\n<h5>Director of Research and Public Policy<\/h5>\n<p><a class=\"white-email-link\" href=\"mailto:carriona@ilepr.org\">carriona@ilepr.org<\/a><\/p>\n<\/div>\n<\/div>\n<p>[\/vc_column_text][vc_column_text]<\/p>\n<p class=\"p1\">\u00c1ngel Carri\u00f3n-Tav\u00e1rez is a professor and transdisciplinary researcher whose work bridges academic inquiry, public policy, and international collaboration. He holds a B.A. in Sociology from the University of Puerto Rico, an M.A. in Linguistics from California State University, and a Ph.D. in Integration and Economic and Territorial Development from the University of Le\u00f3n in Spain. He was the founding editor of the economic and policy magazine <i>Panorama 21<\/i> and later managing editor of the business weekly <i>Caribbean Business<\/i>. He also served as editor<span class=\"s1\">\u2011<\/span>in<span class=\"s1\">\u2011<\/span>chief and chair of the Board of the peerreviewed journal <i>F\u00f3rum Empresarial<\/i>. His academic roles have included coordinating the Editing and Publishing Arts program, teaching regional and business geography, and directing the Center for Business Research at the University of Puerto Rico.<\/p>\n<p class=\"p1\">As director of research and policy at the Institute for Economic Liberty, he has conducted studies and produced policy reports including <i>From NAP to SNAP: A Bridge to Economic Liberty for Residents of Puerto Rico<\/i>; <i>Free Market in Puerto Rico 2022<\/i>; <i>Unleashing Potential: The Burdens of Occupational Licensing and How It Can Be Reformed in Puerto Rico<\/i>; <i>Economic Freedom Actions for a Just and Prosperous Puerto Rico<\/i>; and <i>Taxes in Puerto Rico: Structure, Tax Burden, and Comparison with the United States<\/i>. His research has also appeared in reports such as <i>Doing Business North America 2022<\/i> (published by the Center for the Study of Economic Liberty at Arizona State University) and <i>Economic Freedom of North America<\/i> (published by the Fraser Institute), of which he is a coauthor.<\/p>\n<p class=\"p1\">Dr. Carri\u00f3n-Tav\u00e1rez presented the paper <i>Perspectives on Economic Freedom in Puerto Rico<\/i> at the Mont Pelerin Society Meeting Mexico 2025, \u201cLiberty in the Americas: Rebuilding the Foundations of Prosperity.\u201d Throughout his career, he has been invited to lecture at universities in Germany, Spain, the United States, Mexico, Colombia, Brazil, Peru, and Chile; and has participated as a speaker and moderator in numerous international academic forums. He has authored more than 200 works across various disciplines\u2014many recognized by academic and cultural institutions\u2014and has been interviewed for articles, columns, and reports published by <i>The Wall Street Journal<\/i>, <i>Newsweek<\/i>, <i>Forbes<\/i>, National Public Radio, Univision, Radio France Internationale, and Al Jazeera.<\/p>\n<p>[\/vc_column_text][\/vc_column][\/vc_row][\/vc_section][vc_section][vc_row][vc_column]<div class=\"templatera_shortcode\"><style type=\"text\/css\" data-type=\"vc_shortcodes-custom-css\">.vc_custom_1677767978547{padding-top: 96px !important;padding-bottom: 72px !important;background-color: #1b2028 !important;}<\/style><section data-vc-full-width=\"true\" data-vc-full-width-init=\"false\" class=\"vc_section dark-cta-1 vc_custom_1677767978547 vc_section-has-fill\"><div class=\"vc_row wpb_row vc_row-fluid\"><div class=\"wpb_column vc_column_container vc_col-sm-7\"><div class=\"vc_column-inner\"><div class=\"wpb_wrapper\">\n\t<div class=\"wpb_text_column wpb_content_element  white\" >\n\t\t<div class=\"wpb_wrapper\">\n\t\t\t<h2>Contribute now for a free and prosperous Puerto Rico<\/h2>\n\n\t\t<\/div>\n\t<\/div>\n<\/div><\/div><\/div><div class=\"wpb_column vc_column_container vc_col-sm-5\"><div class=\"vc_column-inner\"><div class=\"wpb_wrapper\">\n\t<div class=\"wpb_text_column wpb_content_element  white\" >\n\t\t<div class=\"wpb_wrapper\">\n\t\t\t<p>With your help, we will promote the ideals of individual liberty and responsibility, the rule of law, private property, and effective and accountable government to increase opportunity in Puerto Rico and enable prosperity for all.<\/p>\n\n\t\t<\/div>\n\t<\/div>\n\n\t<div class=\"wpb_text_column wpb_content_element  button-01\" >\n\t\t<div class=\"wpb_wrapper\">\n\t\t\t<p><a href=\"https:\/\/institutodelibertadeconomica.org\/en\/donations\/\">Donate now<\/a><\/p>\n\n\t\t<\/div>\n\t<\/div>\n<\/div><\/div><\/div><\/div><\/section><div class=\"vc_row-full-width vc_clearfix\"><\/div><\/div>[\/vc_column][\/vc_row][\/vc_section]<\/p>\n<\/div>","protected":false},"excerpt":{"rendered":"\u00c1ngel Carri\u00f3n-Tav\u00e1rez, Ph.D. Director of Research and Public Policy carriona@ilepr.org \u00c1ngel Carri\u00f3n-Tav\u00e1rez is a professor and transdisciplinary researcher whose work bridges academic inquiry, public policy, and international collaboration. He holds a B.A. in Sociology from the University of Puerto Rico, an M.A. in Linguistics from California State University, and a Ph.D. in Integration and Economic [...]","protected":false},"author":2,"featured_media":0,"parent":1585,"menu_order":0,"comment_status":"closed","ping_status":"closed","template":"","meta":{"inline_featured_image":false,"site-sidebar-layout":"no-sidebar","site-content-layout":"plain-container","ast-site-content-layout":"normal-width-container","site-content-style":"unboxed","site-sidebar-style":"unboxed","ast-global-header-display":"","ast-banner-title-visibility":"","ast-main-header-display":"","ast-hfb-above-header-display":"","ast-hfb-below-header-display":"","ast-hfb-mobile-header-display":"","site-post-title":"disabled","ast-breadcrumbs-content":"","ast-featured-img":"disabled","footer-sml-layout":"","ast-disable-related-posts":"","theme-transparent-header-meta":"default","adv-header-id-meta":"","stick-header-meta":"default","header-above-stick-meta":"","header-main-stick-meta":"","header-below-stick-meta":"","astra-migrate-meta-layouts":"set","ast-page-background-enabled":"default","ast-page-background-meta":{"desktop":{"background-color":"var(--ast-global-color-4)","background-image":"","background-repeat":"repeat","background-position":"center center","background-size":"auto","background-attachment":"scroll","background-type":"","background-media":"","overlay-type":"","overlay-color":"","overlay-opacity":"","overlay-gradient":""},"tablet":{"background-color":"","background-image":"","background-repeat":"repeat","background-position":"center center","background-size":"auto","background-attachment":"scroll","background-type":"","background-media":"","overlay-type":"","overlay-color":"","overlay-opacity":"","overlay-gradient":""},"mobile":{"background-color":"","background-image":"","background-repeat":"repeat","background-position":"center center","background-size":"auto","background-attachment":"scroll","background-type":"","background-media":"","overlay-type":"","overlay-color":"","overlay-opacity":"","overlay-gradient":""}},"ast-content-background-meta":{"desktop":{"background-color":"var(--ast-global-color-5)","background-image":"","background-repeat":"repeat","background-position":"center center","background-size":"auto","background-attachment":"scroll","background-type":"","background-media":"","overlay-type":"","overlay-color":"","overlay-opacity":"","overlay-gradient":""},"tablet":{"background-color":"var(--ast-global-color-5)","background-image":"","background-repeat":"repeat","background-position":"center center","background-size":"auto","background-attachment":"scroll","background-type":"","background-media":"","overlay-type":"","overlay-color":"","overlay-opacity":"","overlay-gradient":""},"mobile":{"background-color":"var(--ast-global-color-5)","background-image":"","background-repeat":"repeat","background-position":"center center","background-size":"auto","background-attachment":"scroll","background-type":"","background-media":"","overlay-type":"","overlay-color":"","overlay-opacity":"","overlay-gradient":""}},"footnotes":""},"class_list":["post-1712","page","type-page","status-publish","hentry"],"acf":[],"yoast_head":"<!-- This site is optimized with the Yoast SEO Premium plugin v22.4 (Yoast SEO v22.4) - https:\/\/yoast.com\/wordpress\/plugins\/seo\/ -->\n<title>\u00c1ngel Carri\u00f3n-Tav\u00e1rez, Ph.D. - Instituto de Libertad Econ\u00f3mica para Puerto Rico<\/title>\n<meta name=\"description\" content=\"ILE is a non-partisan, nonprofit that looks to pave the way for equal opportunities and empowerment of Puerto Rican residents.\" \/>\n<meta name=\"robots\" content=\"index, follow, max-snippet:-1, max-image-preview:large, max-video-preview:-1\" \/>\n<link rel=\"canonical\" href=\"https:\/\/institutodelibertadeconomica.org\/en\/our-team\/angel-carrion-tavarez\/\" \/>\n<meta property=\"og:locale\" content=\"en_US\" \/>\n<meta property=\"og:type\" content=\"article\" \/>\n<meta property=\"og:title\" content=\"\u00c1ngel Carri\u00f3n-Tav\u00e1rez, Ph.D. - Instituto de Libertad Econ\u00f3mica para Puerto Rico\" \/>\n<meta property=\"og:description\" content=\"ILE is a non-partisan, nonprofit that looks to pave the way for equal opportunities and empowerment of Puerto Rican residents.\" \/>\n<meta property=\"og:url\" content=\"https:\/\/institutodelibertadeconomica.org\/en\/our-team\/angel-carrion-tavarez\/\" \/>\n<meta property=\"og:site_name\" content=\"Instituto de Libertad Econ\u00f3mica para Puerto Rico\" \/>\n<meta property=\"article:publisher\" content=\"https:\/\/www.facebook.com\/ilepuertorico\" \/>\n<meta property=\"article:modified_time\" content=\"2026-01-07T14:38:44+00:00\" \/>\n<meta property=\"og:image\" content=\"https:\/\/institutodelibertadeconomica.org\/wp-content\/uploads\/2023\/07\/ILE-OpenGraph-Web.jpg\" \/>\n\t<meta property=\"og:image:width\" content=\"1200\" \/>\n\t<meta property=\"og:image:height\" content=\"627\" \/>\n\t<meta property=\"og:image:type\" content=\"image\/jpeg\" \/>\n<meta name=\"twitter:card\" content=\"summary_large_image\" \/>\n<script type=\"application\/ld+json\" class=\"yoast-schema-graph\">{\"@context\":\"https:\/\/schema.org\",\"@graph\":[{\"@type\":\"WebPage\",\"@id\":\"https:\/\/institutodelibertadeconomica.org\/en\/our-team\/angel-carrion-tavarez\/\",\"url\":\"https:\/\/institutodelibertadeconomica.org\/en\/our-team\/angel-carrion-tavarez\/\",\"name\":\"\u00c1ngel Carri\u00f3n-Tav\u00e1rez, Ph.D. - Instituto de Libertad Econ\u00f3mica para Puerto Rico\",\"isPartOf\":{\"@id\":\"https:\/\/institutodelibertadeconomica.org\/en\/#website\"},\"datePublished\":\"2023-03-22T17:49:06+00:00\",\"dateModified\":\"2026-01-07T14:38:44+00:00\",\"description\":\"ILE is a non-partisan, nonprofit that looks to pave the way for equal opportunities and empowerment of Puerto Rican residents.\",\"breadcrumb\":{\"@id\":\"https:\/\/institutodelibertadeconomica.org\/en\/our-team\/angel-carrion-tavarez\/#breadcrumb\"},\"inLanguage\":\"en-US\",\"potentialAction\":[{\"@type\":\"ReadAction\",\"target\":[\"https:\/\/institutodelibertadeconomica.org\/en\/our-team\/angel-carrion-tavarez\/\"]}]},{\"@type\":\"BreadcrumbList\",\"@id\":\"https:\/\/institutodelibertadeconomica.org\/en\/our-team\/angel-carrion-tavarez\/#breadcrumb\",\"itemListElement\":[{\"@type\":\"ListItem\",\"position\":1,\"name\":\"Home\",\"item\":\"https:\/\/institutodelibertadeconomica.org\/en\/\"},{\"@type\":\"ListItem\",\"position\":2,\"name\":\"Our Team\",\"item\":\"https:\/\/institutodelibertadeconomica.org\/en\/our-team\/\"},{\"@type\":\"ListItem\",\"position\":3,\"name\":\"\u00c1ngel Carri\u00f3n-Tav\u00e1rez, Ph.D.\"}]},{\"@type\":\"WebSite\",\"@id\":\"https:\/\/institutodelibertadeconomica.org\/en\/#website\",\"url\":\"https:\/\/institutodelibertadeconomica.org\/en\/\",\"name\":\"Instituto de Libertad Econ\u00f3mica para Puerto Rico\",\"description\":\"Centro de pensamiento de libre mercado enfocado en buscar soluciones y existan m\u00e1s oportunidades\",\"publisher\":{\"@id\":\"https:\/\/institutodelibertadeconomica.org\/en\/#organization\"},\"potentialAction\":[{\"@type\":\"SearchAction\",\"target\":{\"@type\":\"EntryPoint\",\"urlTemplate\":\"https:\/\/institutodelibertadeconomica.org\/en\/?s={search_term_string}\"},\"query-input\":\"required name=search_term_string\"}],\"inLanguage\":\"en-US\"},{\"@type\":\"Organization\",\"@id\":\"https:\/\/institutodelibertadeconomica.org\/en\/#organization\",\"name\":\"Instituto de Libertad Econ\u00f3mica para Puerto Rico\",\"alternateName\":\"ILE Puerto Rico\",\"url\":\"https:\/\/institutodelibertadeconomica.org\/en\/\",\"logo\":{\"@type\":\"ImageObject\",\"inLanguage\":\"en-US\",\"@id\":\"https:\/\/institutodelibertadeconomica.org\/en\/#\/schema\/logo\/image\/\",\"url\":\"https:\/\/institutodelibertadeconomica.org\/wp-content\/uploads\/2023\/02\/ILE-logo-black.svg\",\"contentUrl\":\"https:\/\/institutodelibertadeconomica.org\/wp-content\/uploads\/2023\/02\/ILE-logo-black.svg\",\"caption\":\"Instituto de Libertad Econ\u00f3mica para Puerto Rico\"},\"image\":{\"@id\":\"https:\/\/institutodelibertadeconomica.org\/en\/#\/schema\/logo\/image\/\"},\"sameAs\":[\"https:\/\/www.facebook.com\/ilepuertorico\"]}]}<\/script>\n<!-- \/ Yoast SEO Premium plugin. -->","yoast_head_json":{"title":"\u00c1ngel Carri\u00f3n-Tav\u00e1rez, Ph.D. - Instituto de Libertad Econ\u00f3mica para Puerto Rico","description":"ILE is a non-partisan, nonprofit that looks to pave the way for equal opportunities and empowerment of Puerto Rican residents.","robots":{"index":"index","follow":"follow","max-snippet":"max-snippet:-1","max-image-preview":"max-image-preview:large","max-video-preview":"max-video-preview:-1"},"canonical":"https:\/\/institutodelibertadeconomica.org\/en\/our-team\/angel-carrion-tavarez\/","og_locale":"en_US","og_type":"article","og_title":"\u00c1ngel Carri\u00f3n-Tav\u00e1rez, Ph.D. - Instituto de Libertad Econ\u00f3mica para Puerto Rico","og_description":"ILE is a non-partisan, nonprofit that looks to pave the way for equal opportunities and empowerment of Puerto Rican residents.","og_url":"https:\/\/institutodelibertadeconomica.org\/en\/our-team\/angel-carrion-tavarez\/","og_site_name":"Instituto de Libertad Econ\u00f3mica para Puerto Rico","article_publisher":"https:\/\/www.facebook.com\/ilepuertorico","article_modified_time":"2026-01-07T14:38:44+00:00","og_image":[{"width":1200,"height":627,"url":"https:\/\/institutodelibertadeconomica.org\/wp-content\/uploads\/2023\/07\/ILE-OpenGraph-Web.jpg","type":"image\/jpeg"}],"twitter_card":"summary_large_image","schema":{"@context":"https:\/\/schema.org","@graph":[{"@type":"WebPage","@id":"https:\/\/institutodelibertadeconomica.org\/en\/our-team\/angel-carrion-tavarez\/","url":"https:\/\/institutodelibertadeconomica.org\/en\/our-team\/angel-carrion-tavarez\/","name":"\u00c1ngel Carri\u00f3n-Tav\u00e1rez, Ph.D. - Instituto de Libertad Econ\u00f3mica para Puerto Rico","isPartOf":{"@id":"https:\/\/institutodelibertadeconomica.org\/en\/#website"},"datePublished":"2023-03-22T17:49:06+00:00","dateModified":"2026-01-07T14:38:44+00:00","description":"ILE is a non-partisan, nonprofit that looks to pave the way for equal opportunities and empowerment of Puerto Rican residents.","breadcrumb":{"@id":"https:\/\/institutodelibertadeconomica.org\/en\/our-team\/angel-carrion-tavarez\/#breadcrumb"},"inLanguage":"en-US","potentialAction":[{"@type":"ReadAction","target":["https:\/\/institutodelibertadeconomica.org\/en\/our-team\/angel-carrion-tavarez\/"]}]},{"@type":"BreadcrumbList","@id":"https:\/\/institutodelibertadeconomica.org\/en\/our-team\/angel-carrion-tavarez\/#breadcrumb","itemListElement":[{"@type":"ListItem","position":1,"name":"Home","item":"https:\/\/institutodelibertadeconomica.org\/en\/"},{"@type":"ListItem","position":2,"name":"Our Team","item":"https:\/\/institutodelibertadeconomica.org\/en\/our-team\/"},{"@type":"ListItem","position":3,"name":"\u00c1ngel Carri\u00f3n-Tav\u00e1rez, Ph.D."}]},{"@type":"WebSite","@id":"https:\/\/institutodelibertadeconomica.org\/en\/#website","url":"https:\/\/institutodelibertadeconomica.org\/en\/","name":"Instituto de Libertad Econ\u00f3mica para Puerto Rico","description":"Centro de pensamiento de libre mercado enfocado en buscar soluciones y existan m\u00e1s oportunidades","publisher":{"@id":"https:\/\/institutodelibertadeconomica.org\/en\/#organization"},"potentialAction":[{"@type":"SearchAction","target":{"@type":"EntryPoint","urlTemplate":"https:\/\/institutodelibertadeconomica.org\/en\/?s={search_term_string}"},"query-input":"required name=search_term_string"}],"inLanguage":"en-US"},{"@type":"Organization","@id":"https:\/\/institutodelibertadeconomica.org\/en\/#organization","name":"Instituto de Libertad Econ\u00f3mica para Puerto Rico","alternateName":"ILE Puerto Rico","url":"https:\/\/institutodelibertadeconomica.org\/en\/","logo":{"@type":"ImageObject","inLanguage":"en-US","@id":"https:\/\/institutodelibertadeconomica.org\/en\/#\/schema\/logo\/image\/","url":"https:\/\/institutodelibertadeconomica.org\/wp-content\/uploads\/2023\/02\/ILE-logo-black.svg","contentUrl":"https:\/\/institutodelibertadeconomica.org\/wp-content\/uploads\/2023\/02\/ILE-logo-black.svg","caption":"Instituto de Libertad Econ\u00f3mica para Puerto Rico"},"image":{"@id":"https:\/\/institutodelibertadeconomica.org\/en\/#\/schema\/logo\/image\/"},"sameAs":["https:\/\/www.facebook.com\/ilepuertorico"]}]}},"_links":{"self":[{"href":"https:\/\/institutodelibertadeconomica.org\/en\/wp-json\/wp\/v2\/pages\/1712","targetHints":{"allow":["GET"]}}],"collection":[{"href":"https:\/\/institutodelibertadeconomica.org\/en\/wp-json\/wp\/v2\/pages"}],"about":[{"href":"https:\/\/institutodelibertadeconomica.org\/en\/wp-json\/wp\/v2\/types\/page"}],"author":[{"embeddable":true,"href":"https:\/\/institutodelibertadeconomica.org\/en\/wp-json\/wp\/v2\/users\/2"}],"replies":[{"embeddable":true,"href":"https:\/\/institutodelibertadeconomica.org\/en\/wp-json\/wp\/v2\/comments?post=1712"}],"version-history":[{"count":0,"href":"https:\/\/institutodelibertadeconomica.org\/en\/wp-json\/wp\/v2\/pages\/1712\/revisions"}],"up":[{"embeddable":true,"href":"https:\/\/institutodelibertadeconomica.org\/en\/wp-json\/wp\/v2\/pages\/1585"}],"wp:attachment":[{"href":"https:\/\/institutodelibertadeconomica.org\/en\/wp-json\/wp\/v2\/media?parent=1712"}],"curies":[{"name":"wp","href":"https:\/\/api.w.org\/{rel}","templated":true}]}}